{"id":18,"date":"2022-07-05T17:52:07","date_gmt":"2022-07-05T16:52:07","guid":{"rendered":"http:\/\/quintette-altra.fr\/?page_id=18"},"modified":"2022-07-08T13:56:38","modified_gmt":"2022-07-08T12:56:38","slug":"home","status":"publish","type":"page","link":"http:\/\/quintette-altra.fr\/","title":{"rendered":"Home"},"content":{"rendered":"<link href=\"http:\/\/fonts.googleapis.com\/css?family=Varela Round:400\" rel=\"stylesheet\" property=\"stylesheet\" type=\"text\/css\" media=\"all\" \/>\n<div id=\"rev_slider_1_1_wrapper\" class=\"rev_slider_wrapper fullwidthbanner-container\" style=\"margin:0px auto;background-color:transparent;padding:0px;margin-top:0px;margin-bottom:0px;\">\n<!-- START REVOLUTION SLIDER 5.1.6 fullwidth mode -->\n\t<div id=\"rev_slider_1_1\" class=\"rev_slider fullwidthabanner\" style=\"display:none;\" data-version=\"5.1.6\">\n<ul>\t<!-- SLIDE  -->\n\t<li data-index=\"rs-1\" data-transition=\"fade,slideright\" data-slotamount=\"default,default\" data-hideafterloop=\"0\" data-hideslideonmobile=\"off\"  data-easein=\"default,default\" data-easeout=\"default,default\" data-masterspeed=\"300,default\"  data-thumb=\"http:\/\/quintette-altra.fr\/wp-content\/uploads\/2016\/03\/quintette-altra-vent-copie-2-150x150.jpg\"  data-rotate=\"0,0\"  data-saveperformance=\"off\"  data-title=\"Slide\" data-param1=\"\" data-param2=\"\" data-param3=\"\" data-param4=\"\" data-param5=\"\" data-param6=\"\" data-param7=\"\" data-param8=\"\" data-param9=\"\" data-param10=\"\" data-description=\"\">\n\t\t<!-- MAIN IMAGE -->\n\t\t<img src=\"http:\/\/quintette-altra.fr\/wp-content\/uploads\/2016\/03\/quintette-altra-vent-copie-2.jpg\"  alt=\"Quintette Altra\"  width=\"2048\" height=\"1245\" data-bgposition=\"center center\" data-bgfit=\"cover\" data-bgrepeat=\"no-repeat\" data-bgparallax=\"off\" class=\"rev-slidebg\" data-no-retina>\n\t\t<!-- LAYERS -->\n\t<\/li>\n\t<!-- SLIDE  -->\n\t<li data-index=\"rs-8\" data-transition=\"fade\" data-slotamount=\"7\" data-hideafterloop=\"0\" data-hideslideonmobile=\"off\"  data-easein=\"default\" data-easeout=\"default\" data-masterspeed=\"300\"  data-thumb=\"http:\/\/quintette-altra.fr\/wp-content\/uploads\/2019\/02\/029-150x150.jpg\"  data-rotate=\"0\"  data-saveperformance=\"off\"  data-title=\"Slide\" data-param1=\"\" data-param2=\"\" data-param3=\"\" data-param4=\"\" data-param5=\"\" data-param6=\"\" data-param7=\"\" data-param8=\"\" data-param9=\"\" data-param10=\"\" data-description=\"\">\n\t\t<!-- MAIN IMAGE -->\n\t\t<img src=\"http:\/\/quintette-altra.fr\/wp-content\/uploads\/2019\/02\/029.jpg\"  alt=\"\"  width=\"2048\" height=\"1367\" data-bgposition=\"center center\" data-bgfit=\"cover\" data-bgrepeat=\"no-repeat\" data-bgparallax=\"off\" class=\"rev-slidebg\" data-no-retina>\n\t\t<!-- LAYERS -->\n\t<\/li>\n\t<!-- SLIDE  -->\n\t<li data-index=\"rs-2\" data-transition=\"fade\" data-slotamount=\"default\" data-hideafterloop=\"0\" data-hideslideonmobile=\"off\"  data-easein=\"default\" data-easeout=\"default\" data-masterspeed=\"300\"  data-thumb=\"http:\/\/quintette-altra.fr\/wp-content\/uploads\/2016\/03\/quintette-altra-2-copie-150x150.jpg\"  data-rotate=\"0\"  data-saveperformance=\"off\"  data-title=\"Slide\" data-param1=\"\" data-param2=\"\" data-param3=\"\" data-param4=\"\" data-param5=\"\" data-param6=\"\" data-param7=\"\" data-param8=\"\" data-param9=\"\" data-param10=\"\" data-description=\"\">\n\t\t<!-- MAIN IMAGE -->\n\t\t<img src=\"http:\/\/quintette-altra.fr\/wp-content\/uploads\/2016\/03\/quintette-altra-2-copie.jpg\"  alt=\"Quintette Altra, Quintette \u00e0 vent, musique de chambre\"  width=\"2000\" height=\"1333\" data-bgposition=\"center center\" data-bgfit=\"cover\" data-bgrepeat=\"no-repeat\" data-bgparallax=\"off\" class=\"rev-slidebg\" data-no-retina>\n\t\t<!-- LAYERS -->\n\n\t\t<!-- LAYER NR. 1 -->\n\t\t<div class=\"tp-caption   tp-resizeme\" \n\t\t\t id=\"slide-2-layer-4\" \n\t\t\t data-x=\"['center','center','center','center']\" data-hoffset=\"['0','0','0','0']\" \n\t\t\t data-y=\"['bottom','bottom','bottom','bottom']\" data-voffset=\"['0','0','0','0']\" \n\t\t\t\t\t\tdata-width=\"none\"\n\t\t\tdata-height=\"none\"\n\t\t\tdata-whitespace=\"nowrap\"\n\t\t\tdata-transform_idle=\"o:1;\"\n \n\t\t\t data-transform_in=\"y:50px;opacity:0;s:1610;e:Power2.easeInOut;\" \n\t\t\t data-transform_out=\"opacity:0;s:300;s:300;\" \n\t\t\tdata-start=\"500\" \n\t\t\tdata-splitin=\"none\" \n\t\t\tdata-splitout=\"none\" \n\t\t\tdata-responsive_offset=\"on\" \n\n\t\t\t\n\t\t\tstyle=\"z-index: 5; white-space: nowrap; font-size: 13px; line-height: 22px; font-weight: 400; color: rgba(255, 255, 255, 1.00);font-family:Varela Round;letter-spacing:2px;\">AVAILABLE NOW ON ITUNES \n\t\t<\/div>\n\t<\/li>\n<\/ul>\n<div class=\"tp-static-layers\">\n<\/div>\n<div class=\"tp-bannertimer tp-bottom\" style=\"visibility: hidden !important;\"><\/div>\t<\/div>\n<script>var htmlDiv = document.getElementById(\"rs-plugin-settings-inline-css\"); var htmlDivCss=\"\";\r\n\t\t\t\tif(htmlDiv) {\r\n\t\t\t\t\thtmlDiv.innerHTML = htmlDiv.innerHTML + htmlDivCss;\r\n\t\t\t\t}else{\r\n\t\t\t\t\tvar htmlDiv = document.createElement(\"div\");\r\n\t\t\t\t\thtmlDiv.innerHTML = \"<style>\" + htmlDivCss + \"<\/style>\";\r\n\t\t\t\t\tdocument.getElementsByTagName(\"head\")[0].appendChild(htmlDiv.childNodes[0]);\r\n\t\t\t\t}\r\n\t\t\t<\/script>\n\t\t<script type=\"text\/javascript\">\r\n\t\t\t\t\t\t\/******************************************\r\n\t\t\t\t-\tPREPARE PLACEHOLDER FOR SLIDER\t-\r\n\t\t\t******************************************\/\r\n\r\n\t\t\tvar setREVStartSize=function(){\r\n\t\t\t\ttry{var e=new Object,i=jQuery(window).width(),t=9999,r=0,n=0,l=0,f=0,s=0,h=0;\r\n\t\t\t\t\te.c = jQuery('#rev_slider_1_1');\r\n\t\t\t\t\te.responsiveLevels = [1240,1024,778,480];\r\n\t\t\t\t\te.gridwidth = [1240,1024,778,1200];\r\n\t\t\t\t\te.gridheight = [700,768,960,600];\r\n\t\t\t\t\t\t\t\r\n\t\t\t\t\te.sliderLayout = \"auto\";\r\n\t\t\t\t\tif(e.responsiveLevels&&(jQuery.each(e.responsiveLevels,function(e,f){f>i&&(t=r=f,l=e),i>f&&f>r&&(r=f,n=e)}),t>r&&(l=n)),f=e.gridheight[l]||e.gridheight[0]||e.gridheight,s=e.gridwidth[l]||e.gridwidth[0]||e.gridwidth,h=i\/s,h=h>1?1:h,f=Math.round(h*f),\"fullscreen\"==e.sliderLayout){var u=(e.c.width(),jQuery(window).height());if(void 0!=e.fullScreenOffsetContainer){var c=e.fullScreenOffsetContainer.split(\",\");if (c) jQuery.each(c,function(e,i){u=jQuery(i).length>0?u-jQuery(i).outerHeight(!0):u}),e.fullScreenOffset.split(\"%\").length>1&&void 0!=e.fullScreenOffset&&e.fullScreenOffset.length>0?u-=jQuery(window).height()*parseInt(e.fullScreenOffset,0)\/100:void 0!=e.fullScreenOffset&&e.fullScreenOffset.length>0&&(u-=parseInt(e.fullScreenOffset,0))}f=u}else void 0!=e.minHeight&&f<e.minHeight&&(f=e.minHeight);e.c.closest(\".rev_slider_wrapper\").css({height:f})\r\n\t\t\t\t\t\r\n\t\t\t\t}catch(d){console.log(\"Failure at Presize of Slider:\"+d)}\r\n\t\t\t};\r\n\t\t\t\t\t\t\r\n\t\t\t\t\r\n\t\t\tsetREVStartSize();\r\n\t\t\tfunction revslider_showDoubleJqueryError(sliderID) {\r\n\t\t\t\t\tvar errorMessage = \"Revolution Slider Error: You have some jquery.js library include that comes after the revolution files js include.\";\r\n\t\t\t\t\terrorMessage += \"<br> This includes make eliminates the revolution slider libraries, and make it not work.\";\r\n\t\t\t\t\terrorMessage += \"<br><br> To fix it you can:<br>&nbsp;&nbsp;&nbsp; 1. In the Slider Settings -> Troubleshooting set option:  <strong><b>Put JS Includes To Body<\/b><\/strong> option to true.\";\r\n\t\t\t\t\terrorMessage += \"<br>&nbsp;&nbsp;&nbsp; 2. Find the double jquery.js include and remove it.\";\r\n\t\t\t\t\terrorMessage = \"<span style='font-size:16px;color:#BC0C06;'>\" + errorMessage + \"<\/span>\";\r\n\t\t\t\t\t\tjQuery(sliderID).show().html(errorMessage);\r\n\t\t\t\t}\r\n\t\t\t\t\t\tvar tpj=jQuery;\r\n\t\t\ttpj.noConflict();\r\n\t\t\tvar revapi1;\r\n\t\t\ttpj(document).ready(function() {\n\t\t\t\tif(tpj(\"#rev_slider_1_1\").revolution == undefined){\n\t\t\t\t\trevslider_showDoubleJqueryError(\"#rev_slider_1_1\");\n\t\t\t\t}else{\n\t\t\t\t\trevapi1 = tpj(\"#rev_slider_1_1\").show().revolution({\n\t\t\t\t\t\tsliderType:\"standard\",\njsFileLocation:\"\/\/quintette-altra.fr\/wp-content\/plugins\/revslider\/public\/assets\/js\/\",\n\t\t\t\t\t\tsliderLayout:\"auto\",\n\t\t\t\t\t\tdottedOverlay:\"none\",\n\t\t\t\t\t\tdelay:7000,\n\t\t\t\t\t\tnavigation: {\n\t\t\t\t\t\t\tkeyboardNavigation:\"off\",\n\t\t\t\t\t\t\tkeyboard_direction: \"horizontal\",\n\t\t\t\t\t\t\tmouseScrollNavigation:\"off\",\n\t\t\t\t\t\t\tonHoverStop:\"on\",\n\t\t\t\t\t\t\ttouch:{\n\t\t\t\t\t\t\t\ttouchenabled:\"on\",\n\t\t\t\t\t\t\t\tswipe_threshold: 75,\n\t\t\t\t\t\t\t\tswipe_min_touches: 50,\n\t\t\t\t\t\t\t\tswipe_direction: \"horizontal\",\n\t\t\t\t\t\t\t\tdrag_block_vertical: false\n\t\t\t\t\t\t\t}\n\t\t\t\t\t\t\t,\n\t\t\t\t\t\t\tarrows: {\n\t\t\t\t\t\t\t\tstyle:\"hephaistos\",\n\t\t\t\t\t\t\t\tenable:true,\n\t\t\t\t\t\t\t\thide_onmobile:true,\n\t\t\t\t\t\t\t\thide_under:600,\n\t\t\t\t\t\t\t\thide_onleave:true,\n\t\t\t\t\t\t\t\thide_delay:200,\n\t\t\t\t\t\t\t\thide_delay_mobile:1200,\n\t\t\t\t\t\t\t\ttmp:'',\n\t\t\t\t\t\t\t\tleft: {\n\t\t\t\t\t\t\t\t\th_align:\"left\",\n\t\t\t\t\t\t\t\t\tv_align:\"center\",\n\t\t\t\t\t\t\t\t\th_offset:30,\n\t\t\t\t\t\t\t\t\tv_offset:0\n\t\t\t\t\t\t\t\t},\n\t\t\t\t\t\t\t\tright: {\n\t\t\t\t\t\t\t\t\th_align:\"right\",\n\t\t\t\t\t\t\t\t\tv_align:\"center\",\n\t\t\t\t\t\t\t\t\th_offset:30,\n\t\t\t\t\t\t\t\t\tv_offset:0\n\t\t\t\t\t\t\t\t}\n\t\t\t\t\t\t\t}\n\t\t\t\t\t\t},\n\t\t\t\t\t\tresponsiveLevels:[1240,1024,778,480],\n\t\t\t\t\t\tvisibilityLevels:[1240,1024,778,480],\n\t\t\t\t\t\tgridwidth:[1240,1024,778,1200],\n\t\t\t\t\t\tgridheight:[700,768,960,600],\n\t\t\t\t\t\tlazyType:\"none\",\n\t\t\t\t\t\tparallax: {\n\t\t\t\t\t\t\ttype:\"mouse\",\n\t\t\t\t\t\t\torigo:\"slidercenter\",\n\t\t\t\t\t\t\tspeed:2000,\n\t\t\t\t\t\t\tlevels:[2,3,4,5,6,7,12,16,10,50,47,48,49,50,51,55],\n\t\t\t\t\t\t\ttype:\"mouse\",\n\t\t\t\t\t\t},\n\t\t\t\t\t\tshadow:0,\n\t\t\t\t\t\tspinner:\"spinner3\",\n\t\t\t\t\t\tstopLoop:\"off\",\n\t\t\t\t\t\tstopAfterLoops:-1,\n\t\t\t\t\t\tstopAtSlide:-1,\n\t\t\t\t\t\tshuffle:\"off\",\n\t\t\t\t\t\tautoHeight:\"off\",\n\t\t\t\t\t\tdisableProgressBar:\"on\",\n\t\t\t\t\t\thideThumbsOnMobile:\"off\",\n\t\t\t\t\t\thideSliderAtLimit:0,\n\t\t\t\t\t\thideCaptionAtLimit:0,\n\t\t\t\t\t\thideAllCaptionAtLilmit:0,\n\t\t\t\t\t\tdebugMode:false,\n\t\t\t\t\t\tfallbacks: {\n\t\t\t\t\t\t\tsimplifyAll:\"off\",\n\t\t\t\t\t\t\tnextSlideOnWindowFocus:\"off\",\n\t\t\t\t\t\t\tdisableFocusListener:false,\n\t\t\t\t\t\t}\n\t\t\t\t\t});\n\t\t\t\t}\n\t\t\t});\t\/*ready*\/\n\t\t<\/script>\r\n\t\t<script>\r\n\t\t\t\t\tvar htmlDivCss = '\t#rev_slider_1_1_wrapper .tp-loader.spinner3 div { background-color: #ebebeb !important; } ';\r\n\t\t\t\t\tvar htmlDiv = document.getElementById('rs-plugin-settings-inline-css');\r\n\t\t\t\t\tif(htmlDiv) {\r\n\t\t\t\t\t\thtmlDiv.innerHTML = htmlDiv.innerHTML + htmlDivCss;\r\n\t\t\t\t\t}\r\n\t\t\t\t\telse{\r\n\t\t\t\t\t\tvar htmlDiv = document.createElement('div');\r\n\t\t\t\t\t\thtmlDiv.innerHTML = '<style>' + htmlDivCss + '<\/style>';\r\n\t\t\t\t\t\tdocument.getElementsByTagName('head')[0].appendChild(htmlDiv.childNodes[0]);\r\n\t\t\t\t\t}\r\n\t\t\t\t\t<\/script>\r\n\t\t\t\t\t<script>\r\n\t\t\t\t\tvar htmlDivCss = unescape(\".hephaistos.tparrows%20%7B%0A%09cursor%3Apointer%3B%0A%09background%3A%23000%3B%0A%09background%3Argba%280%2C0%2C0%2C0.5%29%3B%0A%09width%3A40px%3B%0A%09height%3A40px%3B%0A%09position%3Aabsolute%3B%0A%09display%3Ablock%3B%0A%09z-index%3A100%3B%0A%20%20%20%20border-radius%3A50%25%3B%0A%7D%0A.hephaistos.tparrows%3Ahover%20%7B%0A%09background%3A%23000%3B%0A%7D%0A.hephaistos.tparrows%3Abefore%20%7B%0A%09font-family%3A%20%22revicons%22%3B%0A%09font-size%3A18px%3B%0A%09color%3A%23fff%3B%0A%09display%3Ablock%3B%0A%09line-height%3A%2040px%3B%0A%09text-align%3A%20center%3B%0A%7D%0A.hephaistos.tparrows.tp-leftarrow%3Abefore%20%7B%0A%09content%3A%20%22%5Ce82c%22%3B%0A%20%20margin-left%3A-2px%3B%0A%20%20%0A%7D%0A.hephaistos.tparrows.tp-rightarrow%3Abefore%20%7B%0A%09content%3A%20%22%5Ce82d%22%3B%0A%20%20%20margin-right%3A-2px%3B%0A%7D%0A%0A%0A\");\r\n\t\t\t\t\tvar htmlDiv = document.getElementById('rs-plugin-settings-inline-css');\r\n\t\t\t\t\tif(htmlDiv) {\r\n\t\t\t\t\t\thtmlDiv.innerHTML = htmlDiv.innerHTML + htmlDivCss;\r\n\t\t\t\t\t}\r\n\t\t\t\t\telse{\r\n\t\t\t\t\t\tvar htmlDiv = document.createElement('div');\r\n\t\t\t\t\t\thtmlDiv.innerHTML = '<style>' + htmlDivCss + '<\/style>';\r\n\t\t\t\t\t\tdocument.getElementsByTagName('head')[0].appendChild(htmlDiv.childNodes[0]);\r\n\t\t\t\t\t}\r\n\t\t\t\t  <\/script>\r\n\t\t\t\t<\/div><!-- END REVOLUTION SLIDER -->\n\n\n\n<div style=\"height:100px\" aria-hidden=\"true\" class=\"wp-block-spacer\"><\/div>\n\n\n\n<hr class=\"wp-block-separator has-alpha-channel-opacity\"\/>\n\n\n\n<h1 class=\"has-text-align-center\" style=\"font-style:normal;font-weight:900;text-transform:uppercase\">Bienvenue<\/h1>\n\n\n\n<hr class=\"wp-block-separator has-alpha-channel-opacity\"\/>\n\n\n\n<div class=\"wp-container-1 wp-block-group\"><div class=\"wp-block-group__inner-container\">\n<p class=\"has-medium-font-size\">Cr\u00e9\u00e9 en 2013, le Quintette Altra est un ensemble \u00e0 vent compos\u00e9 de cinq jeunes musiciens issus de grands orchestres fran\u00e7ais et suisse.<\/p>\n\n\n\n<p class=\"has-medium-font-size\">A la suite de leurs \u00e9tudes instrumentales au CNSMD de Lyon puis en musique de chambre au CNSMD de Paris dans la classe de David Walter, ils ont \u00e0 c\u0153ur de poursuivre leur collaboration en parall\u00e8le de leur carri\u00e8re individuelle. Ils donnent ensemble de nombreux concerts en France et \u00e0 l\u2019\u00e9tranger.<\/p>\n\n\n\n<p class=\"has-medium-font-size\">Depuis sa cr\u00e9ation, l\u2019ensemble s\u2019est notamment produit \u00e0 l\u2019H\u00f4tel des Invalides et \u00e0 la Philharmonie de Paris, \u00e0 la salle Moli\u00e8re \u00e0 Lyon et dans de nombreux festivals tels que Jazz sous les pommiers, Musique d\u2019un Si\u00e8cle, Intervalles ou encore Daejeon Music Festival en Cor\u00e9e du Sud.<\/p>\n\n\n\n<p class=\"has-medium-font-size\">En 2017, ils cr\u00e9ent le spectacle jeune public <em>Le voyage du Noah<\/em> pour les enfants de l\u2019H\u00f4pital Trousseau \u00e0 Paris. Fort de son succ\u00e8s, le spectacle est r\u00e9guli\u00e8rement donn\u00e9 en concerts scolaires. Gr\u00e2ce \u00e0 la Fondation Meyer, il est enregistr\u00e9 et publi\u00e9 sous forme de livre-audio illustr\u00e9 en 2020.<\/p>\n\n\n\n<p class=\"has-medium-font-size\">Unis par leur amiti\u00e9, leur complicit\u00e9 et leurs go\u00fbts musicaux \u00e9clectiques, ils souhaitent repousser les limites du quintette \u00e0 vent traditionnel en \u00e9largissant le r\u00e9pertoire \u00e0 travers la transcription et la cr\u00e9ation. C\u2019est dans cette d\u00e9marche qu\u2019ils cr\u00e9ent notamment les \u0153uvres de Tom Bierton et Sergio Menozzi ainsi que des transcriptions in\u00e9dites de David Walter. Ils \u00e9laborent \u00e9galement des spectacles vivants et se produisent dans des salles de concert prestigieuses comme dans des lieux plus insolites.<\/p>\n<\/div><\/div>\n\n\n\n<div style=\"height:100px\" aria-hidden=\"true\" class=\"wp-block-spacer\"><\/div>\n\n\n\n<figure class=\"wp-container-3 wp-block-gallery-2 wp-block-gallery aligncenter has-nested-images columns-5 is-cropped\">\n<figure class=\"wp-block-image size-full is-style-rounded\"><a href=\"http:\/\/quintette-altra.fr\/index.php\/raphaelle-rubellin\/\"><img loading=\"lazy\" width=\"1272\" height=\"1273\" data-id=\"5776\"  src=\"http:\/\/quintette-altra.fr\/wp-content\/uploads\/2022\/07\/Flute.jpg\" alt=\"\" class=\"wp-image-5776\"\/><\/a><figcaption><a href=\"http:\/\/quintette-altra.fr\/index.php\/raphaelle-rubellin\/\">Rapha\u00eblle Rubellin<\/a><\/figcaption><\/figure>\n\n\n\n<figure class=\"wp-block-image size-full is-style-rounded\"><a href=\"http:\/\/quintette-altra.fr\/index.php\/clarisse-moreau\/\"><img loading=\"lazy\" width=\"1515\" height=\"1515\" data-id=\"5777\"  src=\"http:\/\/quintette-altra.fr\/wp-content\/uploads\/2022\/07\/Hautbois.jpg\" alt=\"\" class=\"wp-image-5777\"\/><\/a><figcaption><a href=\"http:\/\/quintette-altra.fr\/index.php\/clarisse-moreau\/\">Clarisse Moreau<\/a><\/figcaption><\/figure>\n\n\n\n<figure class=\"wp-block-image size-full is-style-rounded\"><a href=\"http:\/\/quintette-altra.fr\/index.php\/cecilia-lemaitre-sgard\/\"><img loading=\"lazy\" width=\"996\" height=\"997\" data-id=\"5778\"  src=\"http:\/\/quintette-altra.fr\/wp-content\/uploads\/2022\/07\/Clarinette.jpg\" alt=\"\" class=\"wp-image-5778\"\/><\/a><figcaption><a href=\"http:\/\/quintette-altra.fr\/index.php\/cecilia-lemaitre-sgard\/\">C\u00e9cilia Lemaitre Sgard<\/a><\/figcaption><\/figure>\n\n\n\n<figure class=\"wp-block-image size-full is-style-rounded\"><a href=\"http:\/\/quintette-altra.fr\/index.php\/4586-2\/\"><img loading=\"lazy\" width=\"1510\" height=\"1510\" data-id=\"5779\"  src=\"http:\/\/quintette-altra.fr\/wp-content\/uploads\/2022\/07\/Basson.jpg\" alt=\"\" class=\"wp-image-5779\"\/><\/a><figcaption><a href=\"http:\/\/quintette-altra.fr\/index.php\/4586-2\/\">Hugues Anselmo<\/a><\/figcaption><\/figure>\n\n\n\n<figure class=\"wp-block-image size-full is-style-rounded\"><a href=\"http:\/\/quintette-altra.fr\/index.php\/4590-2\/\"><img loading=\"lazy\" width=\"1378\" height=\"1378\" data-id=\"5775\"  src=\"http:\/\/quintette-altra.fr\/wp-content\/uploads\/2022\/07\/Cor.jpg\" alt=\"\" class=\"wp-image-5775\"\/><\/a><figcaption><a href=\"http:\/\/quintette-altra.fr\/index.php\/4590-2\/\">R\u00e9mi Gormand<\/a><\/figcaption><\/figure>\n<\/figure>\n\n\n\n<div style=\"height:100px\" aria-hidden=\"true\" class=\"wp-block-spacer\"><\/div>\n\n\n\n<h2 class=\"has-text-align-center\"><a href=\"http:\/\/quintette-altra.fr\/index.php\/concerts\/\">Voir tous les concerts<\/a><\/h2>\n\n\n\n<div style=\"height:100px\" aria-hidden=\"true\" class=\"wp-block-spacer\"><\/div>\n\n\n<ul class=\"wp-block-latest-posts__list is-grid columns-3 wp-block-latest-posts\"><li><div class=\"wp-block-latest-posts__featured-image aligncenter\"><img width=\"150\" height=\"150\" src=\"http:\/\/quintette-altra.fr\/wp-content\/uploads\/2022\/07\/Affiche-Pysique-Folles-Notes-ete-2022-e1657627457165-150x150.png\" class=\"attachment-thumbnail size-thumbnail wp-post-image\" alt=\"\" loading=\"lazy\" style=\"\" \/><\/div><a class=\"wp-block-latest-posts__post-title\" href=\"http:\/\/quintette-altra.fr\/index.php\/2022\/08\/04\/les-retrouvailles-daltra-ou-les-folles-notes-de-beauzac\/\">Les retrouvailles d&rsquo;Altra ou les Folles Notes de Beauzac<\/a><div class=\"wp-block-latest-posts__post-excerpt\">Le quintette aura la plaisir de vous retrouver au festival \u00ab\u00a0Les Folles Notes de Beauzac\u00a0\u00bb en Auvergne, pour un concert le 13 ao\u00fbt prochain. Invitation au voyage, esprit estival et fougue caniculaire seront au programme avec des \u0153uvres de Dvo\u0159\u00e1k, [&hellip;]<\/div><\/li>\n<li><div class=\"wp-block-latest-posts__featured-image aligncenter\"><img width=\"150\" height=\"150\" src=\"http:\/\/quintette-altra.fr\/wp-content\/uploads\/2021\/12\/20211213_160206-150x150.jpg\" class=\"attachment-thumbnail size-thumbnail wp-post-image\" alt=\"\" loading=\"lazy\" style=\"\" \/><\/div><a class=\"wp-block-latest-posts__post-title\" href=\"http:\/\/quintette-altra.fr\/index.php\/2021\/12\/13\/le-conte-de-noel-du-quintette-altra\/\">Le conte de No\u00ebl du Quintette Altra !<\/a><div class=\"wp-block-latest-posts__post-excerpt\">Nous sommes tr\u00e8s heureux de vous annoncer la sortie de notre livre-CD Le Voyage de Noah, un conte musical pour r\u00eaver et s\u2019amuser avec les yeux et les oreilles ! Suivez les aventure du petit Noah parti \u00e0 la recherche [&hellip;]<\/div><\/li>\n<\/ul>\n\n\n<div style=\"height:100px\" aria-hidden=\"true\" class=\"wp-block-spacer\"><\/div>\n\n\n\n<hr class=\"wp-block-separator has-alpha-channel-opacity\"\/>\n\n\n\n<h2 class=\"has-text-align-center\" style=\"font-style:normal;font-weight:900;text-transform:uppercase\">\u00e9coutez-nous<\/h2>\n\n\n\n<hr class=\"wp-block-separator has-alpha-channel-opacity\"\/>\n\n\n\n<div style=\"height:100px\" aria-hidden=\"true\" class=\"wp-block-spacer\"><\/div>\n\n\n\n<div class=\"wp-container-4 is-horizontal is-content-justification-center wp-block-buttons\">\n<div class=\"wp-block-button has-custom-width wp-block-button__width-25 has-custom-font-size is-style-outline has-medium-font-size\"><a class=\"wp-block-button__link has-black-color has-text-color has-background\" href=\"https:\/\/open.spotify.com\/artist\/7ahTtyPJz0nfd8funAAKZc?si=xO3WXBIdTrmr09SiIL_VGA\" style=\"background:linear-gradient(135deg,rgb(135,253,127) 0%,rgb(10,145,28) 100%)\" target=\"_blank\" rel=\"noreferrer noopener\"><strong>Spotify<\/strong><\/a><\/div>\n<\/div>\n\n\n\n<div style=\"height:100px\" aria-hidden=\"true\" class=\"wp-block-spacer\"><\/div>\n\n\n\n<div class=\"wp-container-5 is-content-justification-center wp-block-buttons\">\n<div class=\"wp-block-button has-custom-width wp-block-button__width-25 has-custom-font-size is-style-outline has-medium-font-size\"><a class=\"wp-block-button__link has-black-color has-cool-to-warm-spectrum-gradient-background has-text-color has-background\" href=\"https:\/\/www.deezer.com\/fr\/artist\/150859352\" target=\"_blank\" rel=\"noreferrer noopener\"><strong>Deezer<\/strong><\/a><\/div>\n<\/div>\n\n\n\n<div style=\"height:100px\" aria-hidden=\"true\" class=\"wp-block-spacer\"><\/div>\n\n\n\n<div class=\"wp-container-7 wp-block-group\"><div class=\"wp-block-group__inner-container\">\n<div class=\"wp-container-6 is-content-justification-center wp-block-buttons\">\n<div class=\"wp-block-button has-custom-width wp-block-button__width-25 has-custom-font-size is-style-outline has-medium-font-size\"><a class=\"wp-block-button__link has-black-color has-luminous-vivid-orange-to-vivid-red-gradient-background has-text-color has-background\" href=\"https:\/\/soundcloud.com\/quintette-altra?utm_source=clipboard&amp;utm_medium=text&amp;utm_campaign=social_sharing\" target=\"_blank\" rel=\"noreferrer noopener\"><strong>Soundcloud<\/strong><\/a><\/div>\n<\/div>\n<\/div><\/div>\n","protected":false},"excerpt":{"rendered":"<p>Bienvenue Cr\u00e9\u00e9 en 2013, le Quintette Altra est un ensemble \u00e0 vent compos\u00e9 de cinq jeunes musiciens issus de grands orchestres fran\u00e7ais et suisse. A la suite de leurs \u00e9tudes instrumentales au CNSMD de Lyon puis en musique de chambre [&hellip;]<\/p>\n","protected":false},"author":1,"featured_media":0,"parent":0,"menu_order":0,"comment_status":"closed","ping_status":"closed","template":"","meta":{"_mi_skip_tracking":false},"acf":[],"_links":{"self":[{"href":"http:\/\/quintette-altra.fr\/index.php\/wp-json\/wp\/v2\/pages\/18"}],"collection":[{"href":"http:\/\/quintette-altra.fr\/index.php\/wp-json\/wp\/v2\/pages"}],"about":[{"href":"http:\/\/quintette-altra.fr\/index.php\/wp-json\/wp\/v2\/types\/page"}],"author":[{"embeddable":true,"href":"http:\/\/quintette-altra.fr\/index.php\/wp-json\/wp\/v2\/users\/1"}],"replies":[{"embeddable":true,"href":"http:\/\/quintette-altra.fr\/index.php\/wp-json\/wp\/v2\/comments?post=18"}],"version-history":[{"count":453,"href":"http:\/\/quintette-altra.fr\/index.php\/wp-json\/wp\/v2\/pages\/18\/revisions"}],"predecessor-version":[{"id":5826,"href":"http:\/\/quintette-altra.fr\/index.php\/wp-json\/wp\/v2\/pages\/18\/revisions\/5826"}],"wp:attachment":[{"href":"http:\/\/quintette-altra.fr\/index.php\/wp-json\/wp\/v2\/media?parent=18"}],"curies":[{"name":"wp","href":"https:\/\/api.w.org\/{rel}","templated":true}]}}