{"id":4572,"date":"2016-03-15T00:00:41","date_gmt":"2016-03-14T23:00:41","guid":{"rendered":"http:\/\/quintette-altra.fr\/?page_id=4572"},"modified":"2022-07-06T11:22:30","modified_gmt":"2022-07-06T10:22:30","slug":"raphaelle-rubellin","status":"publish","type":"page","link":"http:\/\/quintette-altra.fr\/index.php\/raphaelle-rubellin\/","title":{"rendered":"Rapha\u00eblle Rubellin"},"content":{"rendered":"<p><a href=\"http:\/\/quintette-altra.fr\/wp-content\/uploads\/2019\/04\/040.jpg\" rel=\"attachment wp-att-5349\"><img loading=\"lazy\" class=\"alignleft wp-image-5435\" src=\"http:\/\/quintette-altra.fr\/wp-content\/uploads\/2019\/04\/040-684x1024.jpg\" alt=\"\" width=\"488\" height=\"731\" \/><\/a><\/p>\n<p>Musicienne \u00e9panouie, Rapha\u00eblle Rubellin occupe le poste de fl\u00fbte co-solo au sein du prestigieux Orchestre de la Suisse Romande \u00e0 Gen\u00e8ve.<\/p>\n<p>Elle est r\u00e9guli\u00e8rement invit\u00e9e \u00e0 se produire avec d\u2019autres formations telles que l\u2019Op\u00e9ra de Paris, l\u2019Orchestre National de Lyon, l\u2019Orchestre Philharmonique de Radio-France, le Stavanger Symfoniorkester en Norv\u00e8ge, l\u2019Orchestre de Chambre du Luxembourg ou encore l\u2019orchestre du Pacific Music Festival au Japon.<\/p>\n<p>La musique de chambre occupe \u00e9galement une place tr\u00e8s importante dans sa vie de musicienne. Membre fondateur du quintette Altra, elle fait \u00e9galement partie de l\u2019ensemble Vibration4, quatuor de fl\u00fbtes suisse qui d\u00e9veloppe des formes de concerts innovantes, notamment avec la trilogie \u00ab Vibrations Valaisannes \u00bb.<\/p>\n<p>Rapha\u00eblle a suivi ses \u00e9tudes de fl\u00fbte au CNSMD de Lyon (classe de P. Bernold, J. Beaudiment, J-D. Castellon et C. Lefebvre) et \u00e0 la Hochschule f\u00fcr Musik Hanns Eisler \u00e0 Berlin dans la classe de S. Careddu, avant d\u2019int\u00e9grer le CNSMDP de Paris en piccolo (P. Dumail) et musique de chambre (D. Walter). Elle a remport\u00e9 le 3\u00e8me Prix du Concours International du Jeune Fl\u00fbtiste durant sa scolarit\u00e9.<\/p>\n<p>Tr\u00e8s int\u00e9ress\u00e9e par la musique baroque, Rapha\u00eblle \u00e9tudie actuellement le traverso dans la classe de Serge Saitta \u00e0 la Haute Ecole de Musique de Gen\u00e8ve<b>.<\/b><\/p>\n","protected":false},"excerpt":{"rendered":"<p>Musicienne \u00e9panouie, Rapha\u00eblle Rubellin occupe le poste de fl\u00fbte co-solo au sein du prestigieux Orchestre de la Suisse Romande \u00e0 Gen\u00e8ve. Elle est r\u00e9guli\u00e8rement invit\u00e9e \u00e0 se produire avec d\u2019autres formations telles que l\u2019Op\u00e9ra de Paris, l\u2019Orchestre National de Lyon, [&hellip;]<\/p>\n","protected":false},"author":1,"featured_media":0,"parent":0,"menu_order":0,"comment_status":"closed","ping_status":"closed","template":"","meta":{"_mi_skip_tracking":false},"acf":[],"_links":{"self":[{"href":"http:\/\/quintette-altra.fr\/index.php\/wp-json\/wp\/v2\/pages\/4572"}],"collection":[{"href":"http:\/\/quintette-altra.fr\/index.php\/wp-json\/wp\/v2\/pages"}],"about":[{"href":"http:\/\/quintette-altra.fr\/index.php\/wp-json\/wp\/v2\/types\/page"}],"author":[{"embeddable":true,"href":"http:\/\/quintette-altra.fr\/index.php\/wp-json\/wp\/v2\/users\/1"}],"replies":[{"embeddable":true,"href":"http:\/\/quintette-altra.fr\/index.php\/wp-json\/wp\/v2\/comments?post=4572"}],"version-history":[{"count":8,"href":"http:\/\/quintette-altra.fr\/index.php\/wp-json\/wp\/v2\/pages\/4572\/revisions"}],"predecessor-version":[{"id":5791,"href":"http:\/\/quintette-altra.fr\/index.php\/wp-json\/wp\/v2\/pages\/4572\/revisions\/5791"}],"wp:attachment":[{"href":"http:\/\/quintette-altra.fr\/index.php\/wp-json\/wp\/v2\/media?parent=4572"}],"curies":[{"name":"wp","href":"https:\/\/api.w.org\/{rel}","templated":true}]}}