{"id":4590,"date":"2016-03-15T00:14:21","date_gmt":"2016-03-14T23:14:21","guid":{"rendered":"http:\/\/quintette-altra.fr\/?page_id=4590"},"modified":"2022-07-06T11:23:33","modified_gmt":"2022-07-06T10:23:33","slug":"4590-2","status":"publish","type":"page","link":"http:\/\/quintette-altra.fr\/index.php\/4590-2\/","title":{"rendered":"R\u00e9mi Gormand"},"content":{"rendered":"<p style=\"font-weight: 400;\"><a href=\"http:\/\/quintette-altra.fr\/wp-content\/uploads\/2019\/04\/075.jpg\" rel=\"attachment wp-att-5363\"><img loading=\"lazy\" class=\"alignleft wp-image-5437\" src=\"http:\/\/quintette-altra.fr\/wp-content\/uploads\/2019\/04\/075-684x1024.jpg\" alt=\"\" width=\"488\" height=\"731\" \/><\/a><\/p>\n<p>\u00c0 la recherche d&rsquo;authenticit\u00e9 et passionn\u00e9 par la facture instrumentale, R\u00e9mi Gormand est sensible aux interpr\u00e9tations historiquement inform\u00e9es. Son travail approfondi des instruments anciens et modernes avec David Guerrier et Claude Maury notamment, le conduit \u00e0 devenir cor solo de l&rsquo;Orchestre \u00ab\u00a0Les Si\u00e8cles\u00a0\u00bb sous la baguette de Fran\u00e7ois-Xavier Roth. Au sein de cet ensemble \u00e0 rayonnement international, il se produit dans les plus grandes salles et enregistre de nombreux disques symphoniques sur instrument d&rsquo;\u00e9poque.<\/p>\n<p>\u00c9galement appr\u00e9ci\u00e9 des grandes formations symphoniques modernes, il est r\u00e9guli\u00e8rement invit\u00e9 au sein d&rsquo;orchestres tels que l&rsquo;Orchestre Philharmonique de Radio France, l&rsquo;Orchestre Philharmonique de Strasbourg ou l&rsquo;Orchestre National de Lyon.<\/p>\n<p>Chambriste chevronn\u00e9, il est \u00e9galement membre du Quintette Altra depuis sa cr\u00e9ation en 2013, ce qui lui permet de s&rsquo;exprimer autrement gr\u00e2ce au talent et \u00e0 l&rsquo;amiti\u00e9 de ses partenaires musicaux des premi\u00e8res heures.<\/p>\n","protected":false},"excerpt":{"rendered":"<p>\u00c0 la recherche d&rsquo;authenticit\u00e9 et passionn\u00e9 par la facture instrumentale, R\u00e9mi Gormand est sensible aux interpr\u00e9tations historiquement inform\u00e9es. Son travail approfondi des instruments anciens et modernes avec David Guerrier et Claude Maury notamment, le conduit \u00e0 devenir cor solo de [&hellip;]<\/p>\n","protected":false},"author":1,"featured_media":0,"parent":0,"menu_order":0,"comment_status":"closed","ping_status":"closed","template":"","meta":{"_mi_skip_tracking":false},"acf":[],"_links":{"self":[{"href":"http:\/\/quintette-altra.fr\/index.php\/wp-json\/wp\/v2\/pages\/4590"}],"collection":[{"href":"http:\/\/quintette-altra.fr\/index.php\/wp-json\/wp\/v2\/pages"}],"about":[{"href":"http:\/\/quintette-altra.fr\/index.php\/wp-json\/wp\/v2\/types\/page"}],"author":[{"embeddable":true,"href":"http:\/\/quintette-altra.fr\/index.php\/wp-json\/wp\/v2\/users\/1"}],"replies":[{"embeddable":true,"href":"http:\/\/quintette-altra.fr\/index.php\/wp-json\/wp\/v2\/comments?post=4590"}],"version-history":[{"count":14,"href":"http:\/\/quintette-altra.fr\/index.php\/wp-json\/wp\/v2\/pages\/4590\/revisions"}],"predecessor-version":[{"id":5792,"href":"http:\/\/quintette-altra.fr\/index.php\/wp-json\/wp\/v2\/pages\/4590\/revisions\/5792"}],"wp:attachment":[{"href":"http:\/\/quintette-altra.fr\/index.php\/wp-json\/wp\/v2\/media?parent=4590"}],"curies":[{"name":"wp","href":"https:\/\/api.w.org\/{rel}","templated":true}]}}